{"id":33,"date":"2023-02-22T15:27:04","date_gmt":"2023-02-22T14:27:04","guid":{"rendered":"https:\/\/consfriburgo.esteri.it\/news\/"},"modified":"2023-02-24T12:01:31","modified_gmt":"2023-02-24T11:01:31","slug":"news","status":"publish","type":"page","link":"https:\/\/consfriburgo.esteri.it\/de\/news\/","title":{"rendered":"Presseabteilung"},"content":{"rendered":"        <div class=\"row\">\n\t\t\t<!-- Ricerca sedi post -->\n\t\t\t<div class=\"col-12 mt-4\">\n\t\t\t  <div class=\"callout callout-highlight note ricerca-esteri p-4\">\n                    <div class=\"callout-title\">\n                        <svg class=\"icon\">\n                            <use xlink:href=\"https:\/\/consfriburgo.esteri.it\/wp-content\/themes\/sedi-tema\/assets\/svg\/sprites.svg#it-search\"><\/use>\n                        <\/svg>Geben Sie Ihre Suchparameter ein                    <\/div>\n                    <form id=\"searchFormPost\" name=\"form-search-post\" class=\"form-row align-items-center\" action=\"https:\/\/consfriburgo.esteri.it\/de\/wp-json\/wp\/v2\/pages\/33\/\" method=\"GET\"> \n                        <!-- <div class=\"form-group pt-5\"> -->\n                            <!-- <input type=\"hidden\" id=\"lang\" name=\"lang\" value=\"\"> --> <!-- <\/div> -->\n\n                        <div class=\"it-datepicker-wrapper\">\n                            <div class=\"row\">\n                                <div class=\"form-group col-md-6\">\n                                    <label class=\"active\" for=\"date-init\">Von dem<\/label>\n                                    <input class=\"form-control\" name=\"date-init\" id=\"date-init\" type=\"date\" placeholder=\"gg\/mm\/aaaa\" value=\"\"lang=\"en-EN\">  \n                                <\/div>\n                                <div class=\"form-group col-md-6\">\n                                    <label class=\"active\" for=\"date-end\">Zum<\/label>\n                                    <input class=\"form-control\" name=\"date-end\" id=\"date-end\" type=\"date\" placeholder=\"gg\/mm\/aaaa\" value=\"\">\n                                <\/div>\n                            <\/div>\n                        <\/div>\n                        <div class=\"form-group col-md-12 mt-3\">\n                            <label for=\"searchText\">Freies Suchfeld<\/label>\n                            <input type=\"text\" name=\"searchText\" class=\"form-control\" id=\"searchText\" value=\"\">\n                        <\/div>\n                        <div class=\"form-group col-md-4 offset-md-8 text-end\">\n                            <a href=\"https:\/\/consfriburgo.esteri.it\/de\/news\/\" title=\"Form reset\" id=\"resetImput\" class=\"btn btn-outline-primary btn-xs\">Reset<\/a>\n                            <button type=\"submit\" class=\"btn btn-primary btn-xs\">Zeige Ergebnisse<\/button>\n                        <\/div>\n                    <\/form>\n\t\t\t\t<\/div>\n\t\t\t<\/div>\n\t\t<\/div>\n                    \n            <div class=\"row\">\n                            <div class=\"col-12 mt-3\">\n                <!--start card-->\n                <div class=\"card-wrapper card-space\">\n                    <div class=\"card card-bg card-big border-bottom-card\">\n                        <div class=\"card-body \">\n                                                        <div class=\"category-top\">\n                                                                                                            <span class=\"\">\n                                        <svg class=\"icon icon-secondary\">\n                                            <use xlink:href=\"https:\/\/consfriburgo.esteri.it\/wp-content\/themes\/sedi-tema\/assets\/svg\/sprites.svg#it-calendar\"><\/use>\n                                        <\/svg> 14 August 2026                                    <\/span>\n                                                                    <\/div>\n                            <h5 class=\"card-title big-heading text-uppercase\"><a class=\"text-body text-decoration-none\" href=\"https:\/\/consfriburgo.esteri.it\/de\/news\/dal_consolato\/2026\/08\/comites-2026-modalita-per-la-richiesta-di-iscrizione-nellelenco-elettorale\/\" title=\"COMITES 2026 &#8211; MODALITA\u2019 PER LA RICHIESTA DI ISCRIZIONE NELL\u2019ELENCO ELETTORALE\">COMITES 2026 &#8211; MODALITA\u2019 PER LA RICHIESTA DI ISCRIZIONE NELL\u2019ELENCO ELETTORALE<\/a><\/h5>\n                            <p class=\"card-text\">Le elezioni per il rinnovo e l\u2019istituzione dei COMITES si terranno entro la fine del 2026. I Comitati degli italiani all\u2019estero sono organi di rappresentanza della collettivit\u00e0 italiana nei rapporti con le rappresentanze diplomatico-consolari e operano per l\u2019integrazione della comunit\u00e0 italiana residente nel Paese straniero in cui si trovano. A questo importante appuntamento elettorale potranno [&hellip;]<\/p>\n                                <a title=\"COMITES 2026 &#8211; MODALITA\u2019 PER LA RICHIESTA DI ISCRIZIONE NELL\u2019ELENCO ELETTORALE\" class=\"read-more\" href=\"https:\/\/consfriburgo.esteri.it\/de\/news\/dal_consolato\/2026\/08\/comites-2026-modalita-per-la-richiesta-di-iscrizione-nellelenco-elettorale\/\">\n                                    <span class=\"text\">Weiterlesen<\/span>\n                                    <svg class=\"icon\">\n                                    <use xlink:href=\"https:\/\/consfriburgo.esteri.it\/wp-content\/themes\/sedi-tema\/assets\/svg\/sprites.svg#it-arrow-right\"><\/use>\n                                    <\/svg>\n                                <\/a>\n                                                    <\/div>\n                    <\/div>\n                <\/div>\n                <!--end card-->\n                <\/div><!-- col-12 .mt-3-->\n                            <div class=\"col-12 mt-3\">\n                <!--start card-->\n                <div class=\"card-wrapper card-space\">\n                    <div class=\"card card-bg card-big border-bottom-card\">\n                        <div class=\"card-body \">\n                                                        <div class=\"category-top\">\n                                                                                                            <span class=\"\">\n                                        <svg class=\"icon icon-secondary\">\n                                            <use xlink:href=\"https:\/\/consfriburgo.esteri.it\/wp-content\/themes\/sedi-tema\/assets\/svg\/sprites.svg#it-calendar\"><\/use>\n                                        <\/svg> 14 August 2026                                    <\/span>\n                                                                    <\/div>\n                            <h5 class=\"card-title big-heading text-uppercase\"><a class=\"text-body text-decoration-none\" href=\"https:\/\/consfriburgo.esteri.it\/de\/news\/dal_consolato\/2026\/08\/elezioni-com-it-es-2026-predisposizione-e-presentazione-liste-elettorali\/\" title=\"ELEZIONI COM.IT.ES. 2026 &#8211; Predisposizione e presentazione liste elettorali\">ELEZIONI COM.IT.ES. 2026 &#8211; Predisposizione e presentazione liste elettorali<\/a><\/h5>\n                            <p class=\"card-text\">Nel 2026 avranno luogo le elezioni per il rinnovo dei Comitati degli Italiani all\u2019Estero (Com.It.Es.). Ai sensi dell\u2019art. 14 del DPR 395\/2003, le liste possono essere presentate all\u2019Ufficio elettorale nelle ore d\u2019ufficio dal ventesimo al trentesimo giorno successivo all\u2019indizione. La raccolta delle firme, la sottoscrizione delle liste e le relative autentiche possono avvenire sin da [&hellip;]<\/p>\n                                <a title=\"ELEZIONI COM.IT.ES. 2026 &#8211; Predisposizione e presentazione liste elettorali\" class=\"read-more\" href=\"https:\/\/consfriburgo.esteri.it\/de\/news\/dal_consolato\/2026\/08\/elezioni-com-it-es-2026-predisposizione-e-presentazione-liste-elettorali\/\">\n                                    <span class=\"text\">Weiterlesen<\/span>\n                                    <svg class=\"icon\">\n                                    <use xlink:href=\"https:\/\/consfriburgo.esteri.it\/wp-content\/themes\/sedi-tema\/assets\/svg\/sprites.svg#it-arrow-right\"><\/use>\n                                    <\/svg>\n                                <\/a>\n                                                    <\/div>\n                    <\/div>\n                <\/div>\n                <!--end card-->\n                <\/div><!-- col-12 .mt-3-->\n                            <div class=\"col-12 mt-3\">\n                <!--start card-->\n                <div class=\"card-wrapper card-space\">\n                    <div class=\"card card-bg card-big border-bottom-card\">\n                        <div class=\"card-body \">\n                                                        <div class=\"category-top\">\n                                                                                                            <span class=\"\">\n                                        <svg class=\"icon icon-secondary\">\n                                            <use xlink:href=\"https:\/\/consfriburgo.esteri.it\/wp-content\/themes\/sedi-tema\/assets\/svg\/sprites.svg#it-calendar\"><\/use>\n                                        <\/svg> 10 August 2026                                    <\/span>\n                                                                    <\/div>\n                            <h5 class=\"card-title big-heading text-uppercase\"><a class=\"text-body text-decoration-none\" href=\"https:\/\/consfriburgo.esteri.it\/de\/news\/dal_consolato\/2026\/08\/kaleidoskop-mailand-zeitgenoessische-italienische-kunst-in-der-meckelhalle-freiburg\/\" title=\"Kaleidoskop Mailand: Zeitgen\u00f6ssische italienische Kunst in der Meckelhalle Freiburg\">Kaleidoskop Mailand: Zeitgen\u00f6ssische italienische Kunst in der Meckelhalle Freiburg<\/a><\/h5>\n                            <p class=\"card-text\">Vom 6. August bis 11. September 2026 pr\u00e4sentiert die Meckelhalle der Sparkasse Freiburg-N\u00f6rdlicher Breisgau die Ausstellung Kaleidoskop Mailand, die aktuellen k\u00fcnstlerischen Positionen aus Italien vorstellt und im Rahmen des internationalen Austauschprogramms zwischen Mailand und Freiburg entstanden ist. Die Ausstellung wird von der Casa degli Artisti Milano, Susanna Ravelli und Andrea Del Guercio kuratiert und in [&hellip;]<\/p>\n                                <a title=\"Kaleidoskop Mailand: Zeitgen\u00f6ssische italienische Kunst in der Meckelhalle Freiburg\" class=\"read-more\" href=\"https:\/\/consfriburgo.esteri.it\/de\/news\/dal_consolato\/2026\/08\/kaleidoskop-mailand-zeitgenoessische-italienische-kunst-in-der-meckelhalle-freiburg\/\">\n                                    <span class=\"text\">Weiterlesen<\/span>\n                                    <svg class=\"icon\">\n                                    <use xlink:href=\"https:\/\/consfriburgo.esteri.it\/wp-content\/themes\/sedi-tema\/assets\/svg\/sprites.svg#it-arrow-right\"><\/use>\n                                    <\/svg>\n                                <\/a>\n                                                    <\/div>\n                    <\/div>\n                <\/div>\n                <!--end card-->\n                <\/div><!-- col-12 .mt-3-->\n                            <div class=\"col-12 mt-3\">\n                <!--start card-->\n                <div class=\"card-wrapper card-space\">\n                    <div class=\"card card-bg card-big border-bottom-card\">\n                        <div class=\"card-body \">\n                                                        <div class=\"category-top\">\n                                                                                                            <span class=\"\">\n                                        <svg class=\"icon icon-secondary\">\n                                            <use xlink:href=\"https:\/\/consfriburgo.esteri.it\/wp-content\/themes\/sedi-tema\/assets\/svg\/sprites.svg#it-calendar\"><\/use>\n                                        <\/svg> 14 Juli 2026                                    <\/span>\n                                                                    <\/div>\n                            <h5 class=\"card-title big-heading text-uppercase\"><a class=\"text-body text-decoration-none\" href=\"https:\/\/consfriburgo.esteri.it\/de\/news\/dal_consolato\/2026\/07\/am-3-august-verlieren-personalausweise-in-papierform-ihre-gueltigkeit-fuer-reisen-ins-ausland\/\" title=\"Am 3. August verlieren Personalausweise in Papierform ihre G\u00fcltigkeit f\u00fcr Reisen ins Ausland\">Am 3. August verlieren Personalausweise in Papierform ihre G\u00fcltigkeit f\u00fcr Reisen ins Ausland<\/a><\/h5>\n                            <p class=\"card-text\">Unabh\u00e4ngig von dem auf der R\u00fcckseite angegebenen Ablaufdatum verlieren Personalausweise in Papierform am 3. August 2026 ihre G\u00fcltigkeit f\u00fcr Auslandsreisen. Wenden Sie sich an das n\u00e4chstgelegene Konsulat, um sich \u00fcber die Modalit\u00e4ten zur Ausstellung des neuen elektronischen Personalausweises (CIE) zu informieren: https:\/\/www.esteri.it\/it\/ministero\/struttura\/laretediplomatica\/. Seit dem 1. Juni k\u00f6nnen im Ausland ans\u00e4ssige italienische Staatsb\u00fcrger (AIRE) den elektronischen [&hellip;]<\/p>\n                                <a title=\"Am 3. August verlieren Personalausweise in Papierform ihre G\u00fcltigkeit f\u00fcr Reisen ins Ausland\" class=\"read-more\" href=\"https:\/\/consfriburgo.esteri.it\/de\/news\/dal_consolato\/2026\/07\/am-3-august-verlieren-personalausweise-in-papierform-ihre-gueltigkeit-fuer-reisen-ins-ausland\/\">\n                                    <span class=\"text\">Weiterlesen<\/span>\n                                    <svg class=\"icon\">\n                                    <use xlink:href=\"https:\/\/consfriburgo.esteri.it\/wp-content\/themes\/sedi-tema\/assets\/svg\/sprites.svg#it-arrow-right\"><\/use>\n                                    <\/svg>\n                                <\/a>\n                                                    <\/div>\n                    <\/div>\n                <\/div>\n                <!--end card-->\n                <\/div><!-- col-12 .mt-3-->\n                            <div class=\"col-12 mt-3\">\n                <!--start card-->\n                <div class=\"card-wrapper card-space\">\n                    <div class=\"card card-bg card-big border-bottom-card\">\n                        <div class=\"card-body \">\n                                                        <div class=\"category-top\">\n                                                                                                            <span class=\"\">\n                                        <svg class=\"icon icon-secondary\">\n                                            <use xlink:href=\"https:\/\/consfriburgo.esteri.it\/wp-content\/themes\/sedi-tema\/assets\/svg\/sprites.svg#it-calendar\"><\/use>\n                                        <\/svg> 23 Juni 2026                                    <\/span>\n                                                                    <\/div>\n                            <h5 class=\"card-title big-heading text-uppercase\"><a class=\"text-body text-decoration-none\" href=\"https:\/\/consfriburgo.esteri.it\/de\/news\/dal_consolato\/2026\/06\/live-aufzeichnung-von-romanzo-di-formazioni-im-goethe-institut-freiburg\/\" title=\"Live-Aufzeichnung von \u201eRomanzo di Formazioni\u201c im Goethe-Institut Freiburg\">Live-Aufzeichnung von \u201eRomanzo di Formazioni\u201c im Goethe-Institut Freiburg<\/a><\/h5>\n                            <p class=\"card-text\">Welche Position h\u00e4tte Italo Calvino gespielt? W\u00e4re G\u00fcnter Grass Mittelst\u00fcrmer gewesen? Und welchem Weltklassespieler w\u00fcrde Albert Camus \u00e4hneln? Aus diesen Fragen entsteht \u201eRomanzo di Formazioni\u201c, ein au\u00dfergew\u00f6hnlicher Podcast von Federico Frascherelli und Gino Cervi, der Literatur und Fu\u00dfball auf originelle Weise miteinander verbindet. Im Rahmen der Ausstellung \u201eGoethe spielt in Italien\u201c findet am 1. Juli [&hellip;]<\/p>\n                                <a title=\"Live-Aufzeichnung von \u201eRomanzo di Formazioni\u201c im Goethe-Institut Freiburg\" class=\"read-more\" href=\"https:\/\/consfriburgo.esteri.it\/de\/news\/dal_consolato\/2026\/06\/live-aufzeichnung-von-romanzo-di-formazioni-im-goethe-institut-freiburg\/\">\n                                    <span class=\"text\">Weiterlesen<\/span>\n                                    <svg class=\"icon\">\n                                    <use xlink:href=\"https:\/\/consfriburgo.esteri.it\/wp-content\/themes\/sedi-tema\/assets\/svg\/sprites.svg#it-arrow-right\"><\/use>\n                                    <\/svg>\n                                <\/a>\n                                                    <\/div>\n                    <\/div>\n                <\/div>\n                <!--end card-->\n                <\/div><!-- col-12 .mt-3-->\n                            <div class=\"col-12 mt-3\">\n                <!--start card-->\n                <div class=\"card-wrapper card-space\">\n                    <div class=\"card card-bg card-big border-bottom-card\">\n                        <div class=\"card-body \">\n                                                        <div class=\"category-top\">\n                                                                                                            <span class=\"\">\n                                        <svg class=\"icon icon-secondary\">\n                                            <use xlink:href=\"https:\/\/consfriburgo.esteri.it\/wp-content\/themes\/sedi-tema\/assets\/svg\/sprites.svg#it-calendar\"><\/use>\n                                        <\/svg> 12 Juni 2026                                    <\/span>\n                                                                    <\/div>\n                            <h5 class=\"card-title big-heading text-uppercase\"><a class=\"text-body text-decoration-none\" href=\"https:\/\/consfriburgo.esteri.it\/de\/news\/dal_consolato\/2026\/06\/erste-schritte-in-deutschland-der-neue-leitfaden-fuer-alle-die-nach-deutschland-gezogen-sind-oder-einen-umzug-planen\/\" title=\"\u201eErste Schritte in Deutschland\u201c Der neue Leitfaden f\u00fcr alle, die nach Deutschland gezogen sind oder einen Umzug planen\">\u201eErste Schritte in Deutschland\u201c Der neue Leitfaden f\u00fcr alle, die nach Deutschland gezogen sind oder einen Umzug planen<\/a><\/h5>\n                            <p class=\"card-text\">Ein Umzug in ein anderes Land bringt viele Ver\u00e4nderungen mit sich und er\u00f6ffnet zugleich neue Perspektiven: eine neue Sprache lernen, einen Arzt finden, sich auf dem Arbeitsmarkt orientieren, eine Wohnung suchen, studieren, eine Familie gr\u00fcnden oder mit der eigenen Familie umziehen.\u00a0Deutschland zieht weiterhin viele italienische Staatsangeh\u00f6rige an. Obwohl das Land geografisch nahe liegt, unterscheidet es [&hellip;]<\/p>\n                                <a title=\"\u201eErste Schritte in Deutschland\u201c Der neue Leitfaden f\u00fcr alle, die nach Deutschland gezogen sind oder einen Umzug planen\" class=\"read-more\" href=\"https:\/\/consfriburgo.esteri.it\/de\/news\/dal_consolato\/2026\/06\/erste-schritte-in-deutschland-der-neue-leitfaden-fuer-alle-die-nach-deutschland-gezogen-sind-oder-einen-umzug-planen\/\">\n                                    <span class=\"text\">Weiterlesen<\/span>\n                                    <svg class=\"icon\">\n                                    <use xlink:href=\"https:\/\/consfriburgo.esteri.it\/wp-content\/themes\/sedi-tema\/assets\/svg\/sprites.svg#it-arrow-right\"><\/use>\n                                    <\/svg>\n                                <\/a>\n                                                    <\/div>\n                    <\/div>\n                <\/div>\n                <!--end card-->\n                <\/div><!-- col-12 .mt-3-->\n                            <div class=\"col-12 mt-3\">\n                <!--start card-->\n                <div class=\"card-wrapper card-space\">\n                    <div class=\"card card-bg card-big border-bottom-card\">\n                        <div class=\"card-body \">\n                                                        <div class=\"category-top\">\n                                                                                                            <span class=\"\">\n                                        <svg class=\"icon icon-secondary\">\n                                            <use xlink:href=\"https:\/\/consfriburgo.esteri.it\/wp-content\/themes\/sedi-tema\/assets\/svg\/sprites.svg#it-calendar\"><\/use>\n                                        <\/svg> 8 Juni 2026                                    <\/span>\n                                                                    <\/div>\n                            <h5 class=\"card-title big-heading text-uppercase\"><a class=\"text-body text-decoration-none\" href=\"https:\/\/consfriburgo.esteri.it\/de\/news\/dal_consolato\/2026\/06\/konferenz-der-italienischen-konsulinnen-und-konsulen-weltweit\/\" title=\"KONFERENZ DER ITALIENISCHEN KONSULINNEN UND KONSULEN WELTWEIT\">KONFERENZ DER ITALIENISCHEN KONSULINNEN UND KONSULEN WELTWEIT<\/a><\/h5>\n                            <p class=\"card-text\">Haben Sie eine Frage an die italienischen Konsulinnen und Konsulen? Bei der Konferenz der italienischen Konsulinnen und Konsulen weltweit (12.\u201313. Juni) m\u00f6chten wir der italienischen Community im Ausland eine Stimme geben. Senden Sie Ihre Fragen, Anregungen oder Anliegen an: consoli2026@esteri.it Welche konsularischen Dienstleistungen sind f\u00fcr Sie besonders wichtig? Was sollte verbessert werden? Welche Fragen m\u00f6chten [&hellip;]<\/p>\n                                <a title=\"KONFERENZ DER ITALIENISCHEN KONSULINNEN UND KONSULEN WELTWEIT\" class=\"read-more\" href=\"https:\/\/consfriburgo.esteri.it\/de\/news\/dal_consolato\/2026\/06\/konferenz-der-italienischen-konsulinnen-und-konsulen-weltweit\/\">\n                                    <span class=\"text\">Weiterlesen<\/span>\n                                    <svg class=\"icon\">\n                                    <use xlink:href=\"https:\/\/consfriburgo.esteri.it\/wp-content\/themes\/sedi-tema\/assets\/svg\/sprites.svg#it-arrow-right\"><\/use>\n                                    <\/svg>\n                                <\/a>\n                                                    <\/div>\n                    <\/div>\n                <\/div>\n                <!--end card-->\n                <\/div><!-- col-12 .mt-3-->\n                            <div class=\"col-12 mt-3\">\n                <!--start card-->\n                <div class=\"card-wrapper card-space\">\n                    <div class=\"card card-bg card-big border-bottom-card\">\n                        <div class=\"card-body \">\n                                                        <div class=\"category-top\">\n                                                                                                            <span class=\"\">\n                                        <svg class=\"icon icon-secondary\">\n                                            <use xlink:href=\"https:\/\/consfriburgo.esteri.it\/wp-content\/themes\/sedi-tema\/assets\/svg\/sprites.svg#it-calendar\"><\/use>\n                                        <\/svg> 5 Juni 2026                                    <\/span>\n                                                                    <\/div>\n                            <h5 class=\"card-title big-heading text-uppercase\"><a class=\"text-body text-decoration-none\" href=\"https:\/\/consfriburgo.esteri.it\/de\/news\/dal_consolato\/2026\/06\/goethe-spielt-in-italien-eine-reise-durch-farben-staedte-und-fussball\/\" title=\"Goethe spielt in Italien. Eine Reise durch Farben, St\u00e4dte und Fu\u00dfball\">Goethe spielt in Italien. Eine Reise durch Farben, St\u00e4dte und Fu\u00dfball<\/a><\/h5>\n                            <p class=\"card-text\">Das Italienische Konsulat in Freiburg freut sich, die Ausstellung \u201eGoethe spielt in Italien. Eine Reise durch Farben, St\u00e4dte und Fu\u00dfball\u201c vorzustellen. Das Projekt von Mo&#8216; Better Football wurde in Zusammenarbeit mit dem Konsulat realisiert und wird im Goethe-Institut Freiburg pr\u00e4sentiert. Die Ausstellung zeichnet Johann Wolfgang von Goethes ber\u00fchmte Italienische Reise nach und setzt sie mit [&hellip;]<\/p>\n                                <a title=\"Goethe spielt in Italien. Eine Reise durch Farben, St\u00e4dte und Fu\u00dfball\" class=\"read-more\" href=\"https:\/\/consfriburgo.esteri.it\/de\/news\/dal_consolato\/2026\/06\/goethe-spielt-in-italien-eine-reise-durch-farben-staedte-und-fussball\/\">\n                                    <span class=\"text\">Weiterlesen<\/span>\n                                    <svg class=\"icon\">\n                                    <use xlink:href=\"https:\/\/consfriburgo.esteri.it\/wp-content\/themes\/sedi-tema\/assets\/svg\/sprites.svg#it-arrow-right\"><\/use>\n                                    <\/svg>\n                                <\/a>\n                                                    <\/div>\n                    <\/div>\n                <\/div>\n                <!--end card-->\n                <\/div><!-- col-12 .mt-3-->\n                            <div class=\"col-12 mt-3\">\n                <!--start card-->\n                <div class=\"card-wrapper card-space\">\n                    <div class=\"card card-bg card-big border-bottom-card\">\n                        <div class=\"card-body \">\n                                                        <div class=\"category-top\">\n                                                                                                            <span class=\"\">\n                                        <svg class=\"icon icon-secondary\">\n                                            <use xlink:href=\"https:\/\/consfriburgo.esteri.it\/wp-content\/themes\/sedi-tema\/assets\/svg\/sprites.svg#it-calendar\"><\/use>\n                                        <\/svg> 28 Mai 2026                                    <\/span>\n                                                                    <\/div>\n                            <h5 class=\"card-title big-heading text-uppercase\"><a class=\"text-body text-decoration-none\" href=\"https:\/\/consfriburgo.esteri.it\/de\/news\/dal_consolato\/2026\/05\/ausserordentliche-oeffnungszeiten-fuer-die-ausstellung-der-elektronischen-identitaetskarte-cie-im-monat-juni\/\" title=\"AUSSERORDENTLICHE \u00d6FFNUNGSZEITEN F\u00dcR DIE AUSSTELLUNG DER ELEKTRONISCHEN IDENTIT\u00c4TSKARTE (CIE) IM MONAT JUNI\">AUSSERORDENTLICHE \u00d6FFNUNGSZEITEN F\u00dcR DIE AUSSTELLUNG DER ELEKTRONISCHEN IDENTIT\u00c4TSKARTE (CIE) IM MONAT JUNI<\/a><\/h5>\n                            <p class=\"card-text\">Der Personalausweis aus Papier (carta d&#8217;identit\u00e0) wird ab dem 3. August nicht mehr g\u00fcltig sein und muss daher durch die elektronische Identit\u00e4tskarte (CIE) ersetzt werden. Angesichts des bevorstehenden Ablaufs dieser Frist \u00f6ffnet das Konsulat zus\u00e4tzlich am Mittwoch, den 10. und 17. Juni, von 9:00 Uhr bis 12:15 Uhr, um der steigenden Nachfrage nach der CIE [&hellip;]<\/p>\n                                <a title=\"AUSSERORDENTLICHE \u00d6FFNUNGSZEITEN F\u00dcR DIE AUSSTELLUNG DER ELEKTRONISCHEN IDENTIT\u00c4TSKARTE (CIE) IM MONAT JUNI\" class=\"read-more\" href=\"https:\/\/consfriburgo.esteri.it\/de\/news\/dal_consolato\/2026\/05\/ausserordentliche-oeffnungszeiten-fuer-die-ausstellung-der-elektronischen-identitaetskarte-cie-im-monat-juni\/\">\n                                    <span class=\"text\">Weiterlesen<\/span>\n                                    <svg class=\"icon\">\n                                    <use xlink:href=\"https:\/\/consfriburgo.esteri.it\/wp-content\/themes\/sedi-tema\/assets\/svg\/sprites.svg#it-arrow-right\"><\/use>\n                                    <\/svg>\n                                <\/a>\n                                                    <\/div>\n                    <\/div>\n                <\/div>\n                <!--end card-->\n                <\/div><!-- col-12 .mt-3-->\n                            <div class=\"col-12 mt-3\">\n                <!--start card-->\n                <div class=\"card-wrapper card-space\">\n                    <div class=\"card card-bg card-big border-bottom-card\">\n                        <div class=\"card-body \">\n                                                        <div class=\"category-top\">\n                                                                                                            <span class=\"\">\n                                        <svg class=\"icon icon-secondary\">\n                                            <use xlink:href=\"https:\/\/consfriburgo.esteri.it\/wp-content\/themes\/sedi-tema\/assets\/svg\/sprites.svg#it-calendar\"><\/use>\n                                        <\/svg> 21 Mai 2026                                    <\/span>\n                                                                    <\/div>\n                            <h5 class=\"card-title big-heading text-uppercase\"><a class=\"text-body text-decoration-none\" href=\"https:\/\/consfriburgo.esteri.it\/de\/news\/dal_consolato\/2026\/05\/hinweis\/\" title=\"Hinweis\">Hinweis<\/a><\/h5>\n                            <p class=\"card-text\">Wir informieren die B\u00fcrgerinnen und B\u00fcrger dar\u00fcber, dass die Telefonzentrale des Konsulats vom 26. Mai bis zum 5. Juni ausschlie\u00dflich von 9:00 bis 11:00 Uhr erreichbar ist. Das Konsulat bleibt au\u00dferdem an folgenden Feiertagen geschlossen: Montag, den 25. Mai, anl\u00e4sslich des Pfingstmontags; Dienstag, den 2. Juni, anl\u00e4sslich des italienischen Nationalfeiertags. Ab dem darauffolgenden Werktag gelten [&hellip;]<\/p>\n                                <a title=\"Hinweis\" class=\"read-more\" href=\"https:\/\/consfriburgo.esteri.it\/de\/news\/dal_consolato\/2026\/05\/hinweis\/\">\n                                    <span class=\"text\">Weiterlesen<\/span>\n                                    <svg class=\"icon\">\n                                    <use xlink:href=\"https:\/\/consfriburgo.esteri.it\/wp-content\/themes\/sedi-tema\/assets\/svg\/sprites.svg#it-arrow-right\"><\/use>\n                                    <\/svg>\n                                <\/a>\n                                                    <\/div>\n                    <\/div>\n                <\/div>\n                <!--end card-->\n                <\/div><!-- col-12 .mt-3-->\n            \n            <div class=\"col-md-12 mt-4 pb-4\">\n                <nav class=\"navigation col-md-12\" aria-label=\"Navigation\">\n                    <h2 class=\"screen-reader-text visually-hidden\">Seitennummerierung<\/h2>\n                    <div class=\"nav-links\">\n                    <span aria-current=\"page\" class=\"page-numbers current\">1<\/span>\n<a class=\"page-numbers\" href=\"https:\/\/consfriburgo.esteri.it\/de\/wp-json\/wp\/v2\/pages\/33\/?pag=2\">2<\/a>\n<a class=\"page-numbers\" href=\"https:\/\/consfriburgo.esteri.it\/de\/wp-json\/wp\/v2\/pages\/33\/?pag=3\">3<\/a>\n<span class=\"page-numbers dots\">&hellip;<\/span>\n<a class=\"page-numbers\" href=\"https:\/\/consfriburgo.esteri.it\/de\/wp-json\/wp\/v2\/pages\/33\/?pag=20\">20<\/a>\n<a class=\"next page-numbers\" href=\"https:\/\/consfriburgo.esteri.it\/de\/wp-json\/wp\/v2\/pages\/33\/?pag=2\"><svg class=\"icon icon-primary\"><use xlink:href=\"https:\/\/consfriburgo.esteri.it\/wp-content\/themes\/sedi-tema\/assets\/svg\/sprites.svg#it-chevron-right\"><\/use><\/svg>\n                                    <span class=\"visually-hidden\">N\u00e4chste Seite<\/span><\/a>                    <\/div>\n                <\/nav>\n            <\/div>   <!--.col-md-12 -->\n              <\/div><!--.row -->\n              \n","protected":false},"excerpt":{"rendered":"","protected":false},"author":1,"featured_media":0,"parent":0,"menu_order":8,"comment_status":"closed","ping_status":"closed","template":"","meta":{"footnotes":""},"class_list":["post-33","page","type-page","status-publish","hentry"],"_links":{"self":[{"href":"https:\/\/consfriburgo.esteri.it\/de\/wp-json\/wp\/v2\/pages\/33","targetHints":{"allow":["GET"]}}],"collection":[{"href":"https:\/\/consfriburgo.esteri.it\/de\/wp-json\/wp\/v2\/pages"}],"about":[{"href":"https:\/\/consfriburgo.esteri.it\/de\/wp-json\/wp\/v2\/types\/page"}],"author":[{"embeddable":true,"href":"https:\/\/consfriburgo.esteri.it\/de\/wp-json\/wp\/v2\/users\/1"}],"replies":[{"embeddable":true,"href":"https:\/\/consfriburgo.esteri.it\/de\/wp-json\/wp\/v2\/comments?post=33"}],"version-history":[{"count":2,"href":"https:\/\/consfriburgo.esteri.it\/de\/wp-json\/wp\/v2\/pages\/33\/revisions"}],"predecessor-version":[{"id":46,"href":"https:\/\/consfriburgo.esteri.it\/de\/wp-json\/wp\/v2\/pages\/33\/revisions\/46"}],"wp:attachment":[{"href":"https:\/\/consfriburgo.esteri.it\/de\/wp-json\/wp\/v2\/media?parent=33"}],"curies":[{"name":"wp","href":"https:\/\/api.w.org\/{rel}","templated":true}]}}