{"id":17,"date":"2023-02-22T15:27:04","date_gmt":"2023-02-22T14:27:04","guid":{"rendered":"https:\/\/consfriburgo.esteri.it\/?page_id=17"},"modified":"2023-02-24T11:40:29","modified_gmt":"2023-02-24T10:40:29","slug":"news","status":"publish","type":"page","link":"https:\/\/consfriburgo.esteri.it\/it\/news\/","title":{"rendered":"Notizie"},"content":{"rendered":"        <div class=\"row\">\n\t\t\t<!-- Ricerca sedi post -->\n\t\t\t<div class=\"col-12 mt-4\">\n\t\t\t  <div class=\"callout callout-highlight note ricerca-esteri p-4\">\n                    <div class=\"callout-title\">\n                        <svg class=\"icon\">\n                            <use xlink:href=\"https:\/\/consfriburgo.esteri.it\/wp-content\/themes\/sedi-tema\/assets\/svg\/sprites.svg#it-search\"><\/use>\n                        <\/svg>Inserisci i parametri di ricerca                    <\/div>\n                    <form id=\"searchFormPost\" name=\"form-search-post\" class=\"form-row align-items-center\" action=\"https:\/\/consfriburgo.esteri.it\/it\/wp-json\/wp\/v2\/pages\/17\/\" method=\"GET\"> \n                        <!-- <div class=\"form-group pt-5\"> -->\n                            <!-- <input type=\"hidden\" id=\"lang\" name=\"lang\" value=\"\"> --> <!-- <\/div> -->\n\n                        <div class=\"it-datepicker-wrapper\">\n                            <div class=\"row\">\n                                <div class=\"form-group col-md-6\">\n                                    <label class=\"active\" for=\"date-init\">Dal<\/label>\n                                    <input class=\"form-control\" name=\"date-init\" id=\"date-init\" type=\"date\" placeholder=\"gg\/mm\/aaaa\" value=\"\"lang=\"en-EN\">  \n                                <\/div>\n                                <div class=\"form-group col-md-6\">\n                                    <label class=\"active\" for=\"date-end\">Al<\/label>\n                                    <input class=\"form-control\" name=\"date-end\" id=\"date-end\" type=\"date\" placeholder=\"gg\/mm\/aaaa\" value=\"\">\n                                <\/div>\n                            <\/div>\n                        <\/div>\n                        <div class=\"form-group col-md-12 mt-3\">\n                            <label for=\"searchText\">Campo ricerca libera<\/label>\n                            <input type=\"text\" name=\"searchText\" class=\"form-control\" id=\"searchText\" value=\"\">\n                        <\/div>\n                        <div class=\"form-group col-md-4 offset-md-8 text-end\">\n                            <a href=\"https:\/\/consfriburgo.esteri.it\/it\/news\/\" title=\"Form reset\" id=\"resetImput\" class=\"btn btn-outline-primary btn-xs\">Reset<\/a>\n                            <button type=\"submit\" class=\"btn btn-primary btn-xs\">Mostra risultati<\/button>\n                        <\/div>\n                    <\/form>\n\t\t\t\t<\/div>\n\t\t\t<\/div>\n\t\t<\/div>\n                    \n            <div class=\"row\">\n                            <div class=\"col-12 mt-3\">\n                <!--start card-->\n                <div class=\"card-wrapper card-space\">\n                    <div class=\"card card-bg card-big border-bottom-card\">\n                        <div class=\"card-body \">\n                                                        <div class=\"category-top\">\n                                                                                                            <span class=\"\">\n                                        <svg class=\"icon icon-secondary\">\n                                            <use xlink:href=\"https:\/\/consfriburgo.esteri.it\/wp-content\/themes\/sedi-tema\/assets\/svg\/sprites.svg#it-calendar\"><\/use>\n                                        <\/svg> 3 Settembre 2026                                    <\/span>\n                                                                    <\/div>\n                            <h5 class=\"card-title big-heading text-uppercase\"><a class=\"text-body text-decoration-none\" href=\"https:\/\/consfriburgo.esteri.it\/it\/news\/dal_consolato\/2026\/09\/indizione-delle-elezioni-dei-comites-3-settembre-2026\/\" title=\"INDIZIONE DELLE ELEZIONI DEI COMITES \u2013 3 SETTEMBRE 2026\">INDIZIONE DELLE ELEZIONI DEI COMITES \u2013 3 SETTEMBRE 2026<\/a><\/h5>\n                            <p class=\"card-text\">Vai alla pagina Elezioni Comites 2026 Con decreto consolare 27\/2026 del Capo dell\u2019Ufficio consolare di Friburgo in Brisgovia sono indette le elezioni per l\u2019istituzione e il rinnovo del Comitato degli Italiani all\u2019estero di Friburgo. La data delle elezioni \u00e8 fissata al 4 dicembre 2026. Tale data corrisponde all\u2019ultimo giorno utile per far pervenire al proprio [&hellip;]<\/p>\n                                <a title=\"INDIZIONE DELLE ELEZIONI DEI COMITES \u2013 3 SETTEMBRE 2026\" class=\"read-more\" href=\"https:\/\/consfriburgo.esteri.it\/it\/news\/dal_consolato\/2026\/09\/indizione-delle-elezioni-dei-comites-3-settembre-2026\/\">\n                                    <span class=\"text\">Leggi di pi\u00f9<\/span>\n                                    <svg class=\"icon\">\n                                    <use xlink:href=\"https:\/\/consfriburgo.esteri.it\/wp-content\/themes\/sedi-tema\/assets\/svg\/sprites.svg#it-arrow-right\"><\/use>\n                                    <\/svg>\n                                <\/a>\n                                                    <\/div>\n                    <\/div>\n                <\/div>\n                <!--end card-->\n                <\/div><!-- col-12 .mt-3-->\n                            <div class=\"col-12 mt-3\">\n                <!--start card-->\n                <div class=\"card-wrapper card-space\">\n                    <div class=\"card card-bg card-big border-bottom-card\">\n                        <div class=\"card-body \">\n                                                        <div class=\"category-top\">\n                                                                                                            <span class=\"\">\n                                        <svg class=\"icon icon-secondary\">\n                                            <use xlink:href=\"https:\/\/consfriburgo.esteri.it\/wp-content\/themes\/sedi-tema\/assets\/svg\/sprites.svg#it-calendar\"><\/use>\n                                        <\/svg> 28 Agosto 2026                                    <\/span>\n                                                                    <\/div>\n                            <h5 class=\"card-title big-heading text-uppercase\"><a class=\"text-body text-decoration-none\" href=\"https:\/\/consfriburgo.esteri.it\/it\/news\/dal_consolato\/2026\/08\/elezioni-comites-2026-imminente-indizione\/\" title=\"Elezioni COMITES 2026 \u2013 imminente indizione\">Elezioni COMITES 2026 \u2013 imminente indizione<\/a><\/h5>\n                            <p class=\"card-text\">Vai alla pagina Elezioni Comites 2026 In previsione della prossima indizione delle elezioni per il COMITES di Friburgo, si invitano i soggetti interessati alla presentazione di una lista\u00a0a prendere contatto con il Consolato all\u2019indirizzo e-mail elettorale.friburgo@esteri.it, al fine di procedere con gli adempimenti necessari per la presentazione delle liste. Si rammenta come, ai sensi dell\u2019art. [&hellip;]<\/p>\n                                <a title=\"Elezioni COMITES 2026 \u2013 imminente indizione\" class=\"read-more\" href=\"https:\/\/consfriburgo.esteri.it\/it\/news\/dal_consolato\/2026\/08\/elezioni-comites-2026-imminente-indizione\/\">\n                                    <span class=\"text\">Leggi di pi\u00f9<\/span>\n                                    <svg class=\"icon\">\n                                    <use xlink:href=\"https:\/\/consfriburgo.esteri.it\/wp-content\/themes\/sedi-tema\/assets\/svg\/sprites.svg#it-arrow-right\"><\/use>\n                                    <\/svg>\n                                <\/a>\n                                                    <\/div>\n                    <\/div>\n                <\/div>\n                <!--end card-->\n                <\/div><!-- col-12 .mt-3-->\n                            <div class=\"col-12 mt-3\">\n                <!--start card-->\n                <div class=\"card-wrapper card-space\">\n                    <div class=\"card card-bg card-big border-bottom-card\">\n                        <div class=\"card-body \">\n                                                        <div class=\"category-top\">\n                                                                                                            <span class=\"\">\n                                        <svg class=\"icon icon-secondary\">\n                                            <use xlink:href=\"https:\/\/consfriburgo.esteri.it\/wp-content\/themes\/sedi-tema\/assets\/svg\/sprites.svg#it-calendar\"><\/use>\n                                        <\/svg> 14 Agosto 2026                                    <\/span>\n                                                                    <\/div>\n                            <h5 class=\"card-title big-heading text-uppercase\"><a class=\"text-body text-decoration-none\" href=\"https:\/\/consfriburgo.esteri.it\/it\/news\/dal_consolato\/2026\/08\/comites-2026-modalita-per-la-richiesta-di-iscrizione-nellelenco-elettorale\/\" title=\"COMITES 2026 &#8211; MODALITA\u2019 PER LA RICHIESTA DI ISCRIZIONE NELL\u2019ELENCO ELETTORALE\">COMITES 2026 &#8211; MODALITA\u2019 PER LA RICHIESTA DI ISCRIZIONE NELL\u2019ELENCO ELETTORALE<\/a><\/h5>\n                            <p class=\"card-text\">Vai alla pagina Elezioni Comites 2026 Le elezioni per il rinnovo e l\u2019istituzione dei COMITES si terranno entro la fine del 2026. I Comitati degli italiani all\u2019estero sono organi di rappresentanza della collettivit\u00e0 italiana nei rapporti con le rappresentanze diplomatico-consolari e operano per l\u2019integrazione della comunit\u00e0 italiana residente nel Paese straniero in cui si trovano. [&hellip;]<\/p>\n                                <a title=\"COMITES 2026 &#8211; MODALITA\u2019 PER LA RICHIESTA DI ISCRIZIONE NELL\u2019ELENCO ELETTORALE\" class=\"read-more\" href=\"https:\/\/consfriburgo.esteri.it\/it\/news\/dal_consolato\/2026\/08\/comites-2026-modalita-per-la-richiesta-di-iscrizione-nellelenco-elettorale\/\">\n                                    <span class=\"text\">Leggi di pi\u00f9<\/span>\n                                    <svg class=\"icon\">\n                                    <use xlink:href=\"https:\/\/consfriburgo.esteri.it\/wp-content\/themes\/sedi-tema\/assets\/svg\/sprites.svg#it-arrow-right\"><\/use>\n                                    <\/svg>\n                                <\/a>\n                                                    <\/div>\n                    <\/div>\n                <\/div>\n                <!--end card-->\n                <\/div><!-- col-12 .mt-3-->\n                            <div class=\"col-12 mt-3\">\n                <!--start card-->\n                <div class=\"card-wrapper card-space\">\n                    <div class=\"card card-bg card-big border-bottom-card\">\n                        <div class=\"card-body \">\n                                                        <div class=\"category-top\">\n                                                                                                            <span class=\"\">\n                                        <svg class=\"icon icon-secondary\">\n                                            <use xlink:href=\"https:\/\/consfriburgo.esteri.it\/wp-content\/themes\/sedi-tema\/assets\/svg\/sprites.svg#it-calendar\"><\/use>\n                                        <\/svg> 14 Agosto 2026                                    <\/span>\n                                                                    <\/div>\n                            <h5 class=\"card-title big-heading text-uppercase\"><a class=\"text-body text-decoration-none\" href=\"https:\/\/consfriburgo.esteri.it\/it\/news\/dal_consolato\/2026\/08\/elezioni-com-it-es-2026-predisposizione-e-presentazione-liste-elettorali\/\" title=\"ELEZIONI COM.IT.ES. 2026 &#8211; Predisposizione e presentazione liste elettorali\">ELEZIONI COM.IT.ES. 2026 &#8211; Predisposizione e presentazione liste elettorali<\/a><\/h5>\n                            <p class=\"card-text\">Vai alla pagina Elezioni Comites 2026 Nel 2026 avranno luogo le elezioni per il rinnovo dei Comitati degli Italiani all\u2019Estero (Com.It.Es.). Ai sensi dell\u2019art. 14 del DPR 395\/2003, le liste possono essere presentate all\u2019Ufficio elettorale nelle ore d\u2019ufficio dal ventesimo al trentesimo giorno successivo all\u2019indizione. La raccolta delle firme, la sottoscrizione delle liste e le [&hellip;]<\/p>\n                                <a title=\"ELEZIONI COM.IT.ES. 2026 &#8211; Predisposizione e presentazione liste elettorali\" class=\"read-more\" href=\"https:\/\/consfriburgo.esteri.it\/it\/news\/dal_consolato\/2026\/08\/elezioni-com-it-es-2026-predisposizione-e-presentazione-liste-elettorali\/\">\n                                    <span class=\"text\">Leggi di pi\u00f9<\/span>\n                                    <svg class=\"icon\">\n                                    <use xlink:href=\"https:\/\/consfriburgo.esteri.it\/wp-content\/themes\/sedi-tema\/assets\/svg\/sprites.svg#it-arrow-right\"><\/use>\n                                    <\/svg>\n                                <\/a>\n                                                    <\/div>\n                    <\/div>\n                <\/div>\n                <!--end card-->\n                <\/div><!-- col-12 .mt-3-->\n                            <div class=\"col-12 mt-3\">\n                <!--start card-->\n                <div class=\"card-wrapper card-space\">\n                    <div class=\"card card-bg card-big border-bottom-card\">\n                        <div class=\"card-body \">\n                                                        <div class=\"category-top\">\n                                                                                                            <span class=\"\">\n                                        <svg class=\"icon icon-secondary\">\n                                            <use xlink:href=\"https:\/\/consfriburgo.esteri.it\/wp-content\/themes\/sedi-tema\/assets\/svg\/sprites.svg#it-calendar\"><\/use>\n                                        <\/svg> 10 Agosto 2026                                    <\/span>\n                                                                    <\/div>\n                            <h5 class=\"card-title big-heading text-uppercase\"><a class=\"text-body text-decoration-none\" href=\"https:\/\/consfriburgo.esteri.it\/it\/news\/dal_consolato\/2026\/08\/kaleidoskop-mailand-larte-contemporanea-italiana-alla-meckelhalle-di-friburgo\/\" title=\"Kaleidoskop Mailand: l\u2019arte contemporanea italiana alla Meckelhalle di Friburgo\">Kaleidoskop Mailand: l\u2019arte contemporanea italiana alla Meckelhalle di Friburgo<\/a><\/h5>\n                            <p class=\"card-text\">Dal 6 agosto all\u201911 settembre 2026 la Meckelhalle della Sparkasse Freiburg-N\u00f6rdlicher Breisgau ospita Kaleidoskop Mailand, una mostra dedicata alla scena artistica contemporanea italiana, nata nell\u2019ambito del programma di scambio internazionale tra Milano e Friburgo. La mostra \u00e8 curata da Casa degli Artisti di Milano, Susanna Ravelli e Andrea Del Guercio e realizzata in collaborazione con [&hellip;]<\/p>\n                                <a title=\"Kaleidoskop Mailand: l\u2019arte contemporanea italiana alla Meckelhalle di Friburgo\" class=\"read-more\" href=\"https:\/\/consfriburgo.esteri.it\/it\/news\/dal_consolato\/2026\/08\/kaleidoskop-mailand-larte-contemporanea-italiana-alla-meckelhalle-di-friburgo\/\">\n                                    <span class=\"text\">Leggi di pi\u00f9<\/span>\n                                    <svg class=\"icon\">\n                                    <use xlink:href=\"https:\/\/consfriburgo.esteri.it\/wp-content\/themes\/sedi-tema\/assets\/svg\/sprites.svg#it-arrow-right\"><\/use>\n                                    <\/svg>\n                                <\/a>\n                                                    <\/div>\n                    <\/div>\n                <\/div>\n                <!--end card-->\n                <\/div><!-- col-12 .mt-3-->\n                            <div class=\"col-12 mt-3\">\n                <!--start card-->\n                <div class=\"card-wrapper card-space\">\n                    <div class=\"card card-bg card-big border-bottom-card\">\n                        <div class=\"card-body \">\n                                                        <div class=\"category-top\">\n                                                                                                            <span class=\"\">\n                                        <svg class=\"icon icon-secondary\">\n                                            <use xlink:href=\"https:\/\/consfriburgo.esteri.it\/wp-content\/themes\/sedi-tema\/assets\/svg\/sprites.svg#it-calendar\"><\/use>\n                                        <\/svg> 21 Luglio 2026                                    <\/span>\n                                                                    <\/div>\n                            <h5 class=\"card-title big-heading text-uppercase\"><a class=\"text-body text-decoration-none\" href=\"https:\/\/consfriburgo.esteri.it\/it\/news\/dal_consolato\/2026\/07\/elezioni-dei-comites-2026\/\" title=\"Elezioni dei COMITES 2026\">Elezioni dei COMITES 2026<\/a><\/h5>\n                            <p class=\"card-text\">Vai alla pagina Elezioni Comites 2026 Nel 2026 avranno luogo le elezioni per il per il rinnovo dei Comitati degli Italiani all\u2019Estero (Com.It.Es). I Com.It.Es. sono organismi che rappresentano i connazionali all\u2019estero nei rapporti con Ambasciate e Consolati e ne favoriscono l\u2019integrazione. Hanno inoltre il compito di preservare la memoria storica dell\u2019emigrazione italiana e valorizzare [&hellip;]<\/p>\n                                <a title=\"Elezioni dei COMITES 2026\" class=\"read-more\" href=\"https:\/\/consfriburgo.esteri.it\/it\/news\/dal_consolato\/2026\/07\/elezioni-dei-comites-2026\/\">\n                                    <span class=\"text\">Leggi di pi\u00f9<\/span>\n                                    <svg class=\"icon\">\n                                    <use xlink:href=\"https:\/\/consfriburgo.esteri.it\/wp-content\/themes\/sedi-tema\/assets\/svg\/sprites.svg#it-arrow-right\"><\/use>\n                                    <\/svg>\n                                <\/a>\n                                                    <\/div>\n                    <\/div>\n                <\/div>\n                <!--end card-->\n                <\/div><!-- col-12 .mt-3-->\n                            <div class=\"col-12 mt-3\">\n                <!--start card-->\n                <div class=\"card-wrapper card-space\">\n                    <div class=\"card card-bg card-big border-bottom-card\">\n                        <div class=\"card-body \">\n                                                        <div class=\"category-top\">\n                                                                                                            <span class=\"\">\n                                        <svg class=\"icon icon-secondary\">\n                                            <use xlink:href=\"https:\/\/consfriburgo.esteri.it\/wp-content\/themes\/sedi-tema\/assets\/svg\/sprites.svg#it-calendar\"><\/use>\n                                        <\/svg> 14 Luglio 2026                                    <\/span>\n                                                                    <\/div>\n                            <h5 class=\"card-title big-heading text-uppercase\"><a class=\"text-body text-decoration-none\" href=\"https:\/\/consfriburgo.esteri.it\/it\/news\/dal_consolato\/2026\/07\/cessazione-della-validita-della-carta-didentita-cartacea-per-lespatrio-dal-3-agosto\/\" title=\"Cessazione della validit\u00e0 della carta d\u2019identit\u00e0 cartacea per l\u2019espatrio dal 3 agosto\">Cessazione della validit\u00e0 della carta d\u2019identit\u00e0 cartacea per l\u2019espatrio dal 3 agosto<\/a><\/h5>\n                            <p class=\"card-text\">A partire dal 3 agosto 2026 la versione cartacea della carta di identit\u00e0 cesser\u00e0 di essere valida per l\u2019espatrio, indipendentemente dalla data di scadenza riportata sul retro. Da quel momento, infatti, l\u2019unica versione valida per l\u2019espatrio sar\u00e0 la Carta d\u2019Identit\u00e0 Elettronica (CIE). Contatta il Consolato pi\u00f9 vicino a te per conoscere le modalit\u00e0 di rilascio [&hellip;]<\/p>\n                                <a title=\"Cessazione della validit\u00e0 della carta d\u2019identit\u00e0 cartacea per l\u2019espatrio dal 3 agosto\" class=\"read-more\" href=\"https:\/\/consfriburgo.esteri.it\/it\/news\/dal_consolato\/2026\/07\/cessazione-della-validita-della-carta-didentita-cartacea-per-lespatrio-dal-3-agosto\/\">\n                                    <span class=\"text\">Leggi di pi\u00f9<\/span>\n                                    <svg class=\"icon\">\n                                    <use xlink:href=\"https:\/\/consfriburgo.esteri.it\/wp-content\/themes\/sedi-tema\/assets\/svg\/sprites.svg#it-arrow-right\"><\/use>\n                                    <\/svg>\n                                <\/a>\n                                                    <\/div>\n                    <\/div>\n                <\/div>\n                <!--end card-->\n                <\/div><!-- col-12 .mt-3-->\n                            <div class=\"col-12 mt-3\">\n                <!--start card-->\n                <div class=\"card-wrapper card-space\">\n                    <div class=\"card card-bg card-big border-bottom-card\">\n                        <div class=\"card-body \">\n                                                        <div class=\"category-top\">\n                                                                                                            <span class=\"\">\n                                        <svg class=\"icon icon-secondary\">\n                                            <use xlink:href=\"https:\/\/consfriburgo.esteri.it\/wp-content\/themes\/sedi-tema\/assets\/svg\/sprites.svg#it-calendar\"><\/use>\n                                        <\/svg> 7 Luglio 2026                                    <\/span>\n                                                                    <\/div>\n                            <h5 class=\"card-title big-heading text-uppercase\"><a class=\"text-body text-decoration-none\" href=\"https:\/\/consfriburgo.esteri.it\/it\/news\/dal_consolato\/2026\/07\/bando-borse-di-studio-icon\/\" title=\"Bando borse di studio ICoN\">Bando borse di studio ICoN<\/a><\/h5>\n                            <p class=\"card-text\">Per l\u2019anno accademico 2026-2027 il Consorzio ICoN mette a disposizione 3 borse di studio semestrali a copertura parziale delle quote di immatricolazione al Corso di laurea in Lingua e cultura italiana. Il Corso \u00e8 erogato in modalit\u00e0 e-learning dal Consorzio ICoN per conto delle universit\u00e0 socie. Le borse sono riservate a cittadini stranieri e italiani [&hellip;]<\/p>\n                                <a title=\"Bando borse di studio ICoN\" class=\"read-more\" href=\"https:\/\/consfriburgo.esteri.it\/it\/news\/dal_consolato\/2026\/07\/bando-borse-di-studio-icon\/\">\n                                    <span class=\"text\">Leggi di pi\u00f9<\/span>\n                                    <svg class=\"icon\">\n                                    <use xlink:href=\"https:\/\/consfriburgo.esteri.it\/wp-content\/themes\/sedi-tema\/assets\/svg\/sprites.svg#it-arrow-right\"><\/use>\n                                    <\/svg>\n                                <\/a>\n                                                    <\/div>\n                    <\/div>\n                <\/div>\n                <!--end card-->\n                <\/div><!-- col-12 .mt-3-->\n                            <div class=\"col-12 mt-3\">\n                <!--start card-->\n                <div class=\"card-wrapper card-space\">\n                    <div class=\"card card-bg card-big border-bottom-card\">\n                        <div class=\"card-body \">\n                                                        <div class=\"category-top\">\n                                                                                                            <span class=\"\">\n                                        <svg class=\"icon icon-secondary\">\n                                            <use xlink:href=\"https:\/\/consfriburgo.esteri.it\/wp-content\/themes\/sedi-tema\/assets\/svg\/sprites.svg#it-calendar\"><\/use>\n                                        <\/svg> 25 Giugno 2026                                    <\/span>\n                                                                    <\/div>\n                            <h5 class=\"card-title big-heading text-uppercase\"><a class=\"text-body text-decoration-none\" href=\"https:\/\/consfriburgo.esteri.it\/it\/news\/dal_consolato\/2026\/06\/bando-2026-2027-della-regione-lombardia-per-il-cofinanziamento-delle-attivita-realizzate-a-favore-dei-lombardi-nel-mondo-e-della-loro-mobilita\/\" title=\"Bando 2026-2027 della Regione Lombardia per il cofinanziamento delle attivit\u00e0 realizzate a favore dei lombardi nel mondo e della loro mobilit\u00e0\">Bando 2026-2027 della Regione Lombardia per il cofinanziamento delle attivit\u00e0 realizzate a favore dei lombardi nel mondo e della loro mobilit\u00e0<\/a><\/h5>\n                            <p class=\"card-text\">La Regione Lombardia ha pubblicato il \u201cBando 2026-2027 per il cofinanziamento delle attivit\u00e0 realizzate a favore dei lombardi nel mondo e della loro mobilit\u00e0\u201d. La misura, nello spirito della legge regionale n. 9\/2024 \u2018Norme per il sostegno e la valorizzazione dei Lombardi nel mondo e della relativa mobilit\u00e0 internazionale\u201d, sostiene le iniziative a favore dei [&hellip;]<\/p>\n                                <a title=\"Bando 2026-2027 della Regione Lombardia per il cofinanziamento delle attivit\u00e0 realizzate a favore dei lombardi nel mondo e della loro mobilit\u00e0\" class=\"read-more\" href=\"https:\/\/consfriburgo.esteri.it\/it\/news\/dal_consolato\/2026\/06\/bando-2026-2027-della-regione-lombardia-per-il-cofinanziamento-delle-attivita-realizzate-a-favore-dei-lombardi-nel-mondo-e-della-loro-mobilita\/\">\n                                    <span class=\"text\">Leggi di pi\u00f9<\/span>\n                                    <svg class=\"icon\">\n                                    <use xlink:href=\"https:\/\/consfriburgo.esteri.it\/wp-content\/themes\/sedi-tema\/assets\/svg\/sprites.svg#it-arrow-right\"><\/use>\n                                    <\/svg>\n                                <\/a>\n                                                    <\/div>\n                    <\/div>\n                <\/div>\n                <!--end card-->\n                <\/div><!-- col-12 .mt-3-->\n                            <div class=\"col-12 mt-3\">\n                <!--start card-->\n                <div class=\"card-wrapper card-space\">\n                    <div class=\"card card-bg card-big border-bottom-card\">\n                        <div class=\"card-body \">\n                                                        <div class=\"category-top\">\n                                                                                                            <span class=\"\">\n                                        <svg class=\"icon icon-secondary\">\n                                            <use xlink:href=\"https:\/\/consfriburgo.esteri.it\/wp-content\/themes\/sedi-tema\/assets\/svg\/sprites.svg#it-calendar\"><\/use>\n                                        <\/svg> 23 Giugno 2026                                    <\/span>\n                                                                    <\/div>\n                            <h5 class=\"card-title big-heading text-uppercase\"><a class=\"text-body text-decoration-none\" href=\"https:\/\/consfriburgo.esteri.it\/it\/news\/dal_consolato\/2026\/06\/romanzo-di-formazioni-live-al-goethe-institut-di-friburgo\/\" title=\"&#8220;Romanzo di Formazioni&#8221; live al Goethe-Institut di Friburgo\">&#8220;Romanzo di Formazioni&#8221; live al Goethe-Institut di Friburgo<\/a><\/h5>\n                            <p class=\"card-text\">Quale ruolo avrebbe ricoperto Italo Calvino in una squadra di calcio? G\u00fcnter Grass sarebbe stato un centravanti? E a quale fuoriclasse del pallone potrebbe essere paragonato Albert Camus? Da queste domande nasce &#8220;Romanzo di Formazioni&#8221;, l&#8217;originale podcast ideato da Federico Frascherelli e Gino Cervi, che trasforma il campo da calcio in uno spazio di incontro [&hellip;]<\/p>\n                                <a title=\"&#8220;Romanzo di Formazioni&#8221; live al Goethe-Institut di Friburgo\" class=\"read-more\" href=\"https:\/\/consfriburgo.esteri.it\/it\/news\/dal_consolato\/2026\/06\/romanzo-di-formazioni-live-al-goethe-institut-di-friburgo\/\">\n                                    <span class=\"text\">Leggi di pi\u00f9<\/span>\n                                    <svg class=\"icon\">\n                                    <use xlink:href=\"https:\/\/consfriburgo.esteri.it\/wp-content\/themes\/sedi-tema\/assets\/svg\/sprites.svg#it-arrow-right\"><\/use>\n                                    <\/svg>\n                                <\/a>\n                                                    <\/div>\n                    <\/div>\n                <\/div>\n                <!--end card-->\n                <\/div><!-- col-12 .mt-3-->\n            \n            <div class=\"col-md-12 mt-4 pb-4\">\n                <nav class=\"navigation col-md-12\" aria-label=\"Navigation\">\n                    <h2 class=\"screen-reader-text visually-hidden\">Paginazione<\/h2>\n                    <div class=\"nav-links\">\n                    <span aria-current=\"page\" class=\"page-numbers current\">1<\/span>\n<a class=\"page-numbers\" href=\"https:\/\/consfriburgo.esteri.it\/it\/wp-json\/wp\/v2\/pages\/17\/?pag=2\">2<\/a>\n<a class=\"page-numbers\" href=\"https:\/\/consfriburgo.esteri.it\/it\/wp-json\/wp\/v2\/pages\/17\/?pag=3\">3<\/a>\n<span class=\"page-numbers dots\">&hellip;<\/span>\n<a class=\"page-numbers\" href=\"https:\/\/consfriburgo.esteri.it\/it\/wp-json\/wp\/v2\/pages\/17\/?pag=42\">42<\/a>\n<a class=\"next page-numbers\" href=\"https:\/\/consfriburgo.esteri.it\/it\/wp-json\/wp\/v2\/pages\/17\/?pag=2\"><svg class=\"icon icon-primary\"><use xlink:href=\"https:\/\/consfriburgo.esteri.it\/wp-content\/themes\/sedi-tema\/assets\/svg\/sprites.svg#it-chevron-right\"><\/use><\/svg>\n                                    <span class=\"visually-hidden\">Pagina successiva<\/span><\/a>                    <\/div>\n                <\/nav>\n            <\/div>   <!--.col-md-12 -->\n              <\/div><!--.row -->\n              \n","protected":false},"excerpt":{"rendered":"","protected":false},"author":1,"featured_media":0,"parent":0,"menu_order":8,"comment_status":"closed","ping_status":"closed","template":"","meta":{"footnotes":""},"class_list":["post-17","page","type-page","status-publish","hentry"],"_links":{"self":[{"href":"https:\/\/consfriburgo.esteri.it\/it\/wp-json\/wp\/v2\/pages\/17","targetHints":{"allow":["GET"]}}],"collection":[{"href":"https:\/\/consfriburgo.esteri.it\/it\/wp-json\/wp\/v2\/pages"}],"about":[{"href":"https:\/\/consfriburgo.esteri.it\/it\/wp-json\/wp\/v2\/types\/page"}],"author":[{"embeddable":true,"href":"https:\/\/consfriburgo.esteri.it\/it\/wp-json\/wp\/v2\/users\/1"}],"replies":[{"embeddable":true,"href":"https:\/\/consfriburgo.esteri.it\/it\/wp-json\/wp\/v2\/comments?post=17"}],"version-history":[{"count":1,"href":"https:\/\/consfriburgo.esteri.it\/it\/wp-json\/wp\/v2\/pages\/17\/revisions"}],"predecessor-version":[{"id":18,"href":"https:\/\/consfriburgo.esteri.it\/it\/wp-json\/wp\/v2\/pages\/17\/revisions\/18"}],"wp:attachment":[{"href":"https:\/\/consfriburgo.esteri.it\/it\/wp-json\/wp\/v2\/media?parent=17"}],"curies":[{"name":"wp","href":"https:\/\/api.w.org\/{rel}","templated":true}]}}